{"id":662,"date":"2026-03-23T12:48:15","date_gmt":"2026-03-23T11:48:15","guid":{"rendered":"https:\/\/sc1qoyc4632.universe.wf\/?page_id=662"},"modified":"2026-03-23T12:49:55","modified_gmt":"2026-03-23T11:49:55","slug":"publications","status":"publish","type":"page","link":"https:\/\/hydronomie.fr\/publications\/","title":{"rendered":"Publications"},"content":{"rendered":"\t\t<div data-elementor-type=\"wp-page\" data-elementor-id=\"662\" class=\"elementor elementor-662\" data-elementor-settings=\"{&quot;ha_cmc_init_switcher&quot;:&quot;no&quot;}\">\n\t\t\t\t<div class=\"elementor-element elementor-element-a3be0c2 e-flex e-con-boxed e-con e-parent\" data-id=\"a3be0c2\" data-element_type=\"container\" data-e-type=\"container\" data-settings=\"{&quot;_ha_eqh_enable&quot;:false}\">\n\t\t\t\t\t<div class=\"e-con-inner\">\n\t\t\t\t<div class=\"elementor-element elementor-element-3eb07db elementor-widget elementor-widget-pwrgrids_post_grid\" data-id=\"3eb07db\" data-element_type=\"widget\" data-e-type=\"widget\" data-widget_type=\"pwrgrids_post_grid.default\">\n\t\t\t\t<div class=\"elementor-widget-container\">\n\t\t\t\t\t<div class=\"pwgd-post-grid  pwgd-post-grid-cols pwgd-3columns grid-style-classic pwgd-post-grid-cols-grid\"><div class=\"pwgd-post-grid-content\"><div class=\"pwgd-post-grid-item-wrapper category_non-classe\"><div class=\"pwgd-post-grid-item\"><div class=\"pwgd-post-grid-item-img-wrapper\"><a href=\"https:\/\/hydronomie.fr\/semaine-de-leau\/\" class=\"pwgd-post-grid-item-img-link\" style=\"background-image: url(https:\/\/hydronomie.fr\/wp-content\/uploads\/2026\/03\/Robinet20C3A020filtre20C3A020eau-1.jpeg)\" \/><img decoding=\"async\" src=\"https:\/\/hydronomie.fr\/wp-content\/uploads\/2026\/03\/Robinet20C3A020filtre20C3A020eau-1.jpeg\" \/><\/a><\/div><div class=\"pwgd-post-grid-item-content\"><div class=\"pwgd-post-grid-item-meta-wrapper\"><div class=\"pwgd-post-grid-item-meta pwgd-post-grid-item-meta-date\"><span class=\"pwgd-post-grid-item-meta-icon\"><i class=\"far fa-calendar-alt\"><\/i><\/span> 18 March 2026<\/div><div class=\"pwgd-post-grid-item-meta pwgd-post-grid-item-meta-author\"><span class=\"pwgd-post-grid-item-meta-icon\"><i class=\"fas fa-user\"><\/i><\/span> Marl\u00e8ne Vissac<\/div><div class=\"pwgd-post-grid-item-meta pwgd-post-grid-item-meta-comments\"><span class=\"pwgd-post-grid-item-meta-icon\"><i class=\"far fa-comments\"><\/i><\/span> 0<\/div><div class=\"pwgd-post-grid-item-meta pwgd-post-grid-item-meta-tax\"><a href=\"https:\/\/hydronomie.fr\/category\/non-classe\/\">Non class\u00e9<\/a><\/div><\/div><div class=\"pwgd-post-grid-item-title-wrapper\"><h3 class=\"pwgd-post-grid-item-title\"><a href=\"https:\/\/hydronomie.fr\/semaine-de-leau\/\" class=\"pwgd-post-grid-item-title-link\" \/>Semaine de l&#8217;eau<\/a><\/h3><\/div><div class=\"pwgd-post-grid-item-text-wrapper\"><div class=\"pwgd-post-grid-item-text\">Skip to Main Content\t\t\t\t\tSemaine de l'eau\t\t\t\t\n\t\t\t\t\t lun. 09 mars|Flamarens \t\t\t\t\n\t\tCultivons l'eau [\u2026]<\/div><\/div><div class=\"pwgd-post-grid-item-btn-wrapper\"><a href=\"https:\/\/hydronomie.fr\/semaine-de-leau\/\" class=\"pwgd-post-grid-item-btn\">See More<\/a><\/div><\/div><\/div><\/div><div class=\"pwgd-post-grid-item-wrapper category_non-classe\"><div class=\"pwgd-post-grid-item\"><div class=\"pwgd-post-grid-item-img-wrapper\"><a href=\"https:\/\/hydronomie.fr\/la-reserve-utile-des-sols-et-le-regime-hydrique\/\" class=\"pwgd-post-grid-item-img-link\" style=\"background-image: url(https:\/\/hydronomie.fr\/wp-content\/uploads\/2026\/03\/RU-sol-regime-hydrique.png)\" \/><img decoding=\"async\" src=\"https:\/\/hydronomie.fr\/wp-content\/uploads\/2026\/03\/RU-sol-regime-hydrique.png\" \/><\/a><\/div><div class=\"pwgd-post-grid-item-content\"><div class=\"pwgd-post-grid-item-meta-wrapper\"><div class=\"pwgd-post-grid-item-meta pwgd-post-grid-item-meta-date\"><span class=\"pwgd-post-grid-item-meta-icon\"><i class=\"far fa-calendar-alt\"><\/i><\/span> 20 March 2026<\/div><div class=\"pwgd-post-grid-item-meta pwgd-post-grid-item-meta-author\"><span class=\"pwgd-post-grid-item-meta-icon\"><i class=\"fas fa-user\"><\/i><\/span> Marl\u00e8ne Vissac<\/div><div class=\"pwgd-post-grid-item-meta pwgd-post-grid-item-meta-comments\"><span class=\"pwgd-post-grid-item-meta-icon\"><i class=\"far fa-comments\"><\/i><\/span> 0<\/div><div class=\"pwgd-post-grid-item-meta pwgd-post-grid-item-meta-tax\"><a href=\"https:\/\/hydronomie.fr\/category\/non-classe\/\">Non class\u00e9<\/a><\/div><\/div><div class=\"pwgd-post-grid-item-title-wrapper\"><h3 class=\"pwgd-post-grid-item-title\"><a href=\"https:\/\/hydronomie.fr\/la-reserve-utile-des-sols-et-le-regime-hydrique\/\" class=\"pwgd-post-grid-item-title-link\" \/>La r\u00e9serve utile des sols et le r\u00e9gime hydrique<\/a><\/h3><\/div><div class=\"pwgd-post-grid-item-text-wrapper\"><div class=\"pwgd-post-grid-item-text\">La r\u00e9serve utile des sols et le r\u00e9gime hydrique [\u2026]<\/div><\/div><div class=\"pwgd-post-grid-item-btn-wrapper\"><a href=\"https:\/\/hydronomie.fr\/la-reserve-utile-des-sols-et-le-regime-hydrique\/\" class=\"pwgd-post-grid-item-btn\">See More<\/a><\/div><\/div><\/div><\/div><div class=\"pwgd-post-grid-item-wrapper category_non-classe\"><div class=\"pwgd-post-grid-item\"><div class=\"pwgd-post-grid-item-img-wrapper\"><a href=\"https:\/\/hydronomie.fr\/lamenagement-des-paysages-doit-setablir-en-fonction-des-ressources-locales-adapte-aux-caracteristiques-des-tetes-et-fonds-de-bassin-versant\/\" class=\"pwgd-post-grid-item-img-link\" style=\"background-image: url(https:\/\/hydronomie.fr\/wp-content\/uploads\/2026\/03\/Paysage20bocager232.png)\" \/><img decoding=\"async\" src=\"https:\/\/hydronomie.fr\/wp-content\/uploads\/2026\/03\/Paysage20bocager232.png\" \/><\/a><\/div><div class=\"pwgd-post-grid-item-content\"><div class=\"pwgd-post-grid-item-meta-wrapper\"><div class=\"pwgd-post-grid-item-meta pwgd-post-grid-item-meta-date\"><span class=\"pwgd-post-grid-item-meta-icon\"><i class=\"far fa-calendar-alt\"><\/i><\/span> 20 March 2026<\/div><div class=\"pwgd-post-grid-item-meta pwgd-post-grid-item-meta-author\"><span class=\"pwgd-post-grid-item-meta-icon\"><i class=\"fas fa-user\"><\/i><\/span> Marl\u00e8ne Vissac<\/div><div class=\"pwgd-post-grid-item-meta pwgd-post-grid-item-meta-comments\"><span class=\"pwgd-post-grid-item-meta-icon\"><i class=\"far fa-comments\"><\/i><\/span> 0<\/div><div class=\"pwgd-post-grid-item-meta pwgd-post-grid-item-meta-tax\"><a href=\"https:\/\/hydronomie.fr\/category\/non-classe\/\">Non class\u00e9<\/a><\/div><\/div><div class=\"pwgd-post-grid-item-title-wrapper\"><h3 class=\"pwgd-post-grid-item-title\"><a href=\"https:\/\/hydronomie.fr\/lamenagement-des-paysages-doit-setablir-en-fonction-des-ressources-locales-adapte-aux-caracteristiques-des-tetes-et-fonds-de-bassin-versant\/\" class=\"pwgd-post-grid-item-title-link\" \/>L&#8217;am\u00e9nagement des paysages doit s&#8217;\u00e9tablir en fonction des ressources locales, adapt\u00e9 aux caract\u00e9ristiques des t\u00eates et fonds de bassin versant<\/a><\/h3><\/div><div class=\"pwgd-post-grid-item-text-wrapper\"><div class=\"pwgd-post-grid-item-text\">L'am\u00e9nagement des paysages doit s'\u00e9tablir en fonction des ressources locales, adapt\u00e9 aux caract\u00e9ristiques des t\u00eates et fonds de bassin versant\t\t\t\t\n\t\t\t\t\t Depuis quelques ann\u00e9es, [\u2026]<\/div><\/div><div class=\"pwgd-post-grid-item-btn-wrapper\"><a href=\"https:\/\/hydronomie.fr\/lamenagement-des-paysages-doit-setablir-en-fonction-des-ressources-locales-adapte-aux-caracteristiques-des-tetes-et-fonds-de-bassin-versant\/\" class=\"pwgd-post-grid-item-btn\">See More<\/a><\/div><\/div><\/div><\/div><div class=\"pwgd-post-grid-item-wrapper category_non-classe\"><div class=\"pwgd-post-grid-item\"><div class=\"pwgd-post-grid-item-img-wrapper\"><a href=\"https:\/\/hydronomie.fr\/les-performances-de-lagroforesterie-malgre-les-evolutions-climatiques\/\" class=\"pwgd-post-grid-item-img-link\" style=\"background-image: url(https:\/\/hydronomie.fr\/wp-content\/uploads\/2026\/03\/11062b_ae6481105c3b43649051c1c7e0eb909fmv2.jpg)\" \/><img decoding=\"async\" src=\"https:\/\/hydronomie.fr\/wp-content\/uploads\/2026\/03\/11062b_ae6481105c3b43649051c1c7e0eb909fmv2.jpg\" \/><\/a><\/div><div class=\"pwgd-post-grid-item-content\"><div class=\"pwgd-post-grid-item-meta-wrapper\"><div class=\"pwgd-post-grid-item-meta pwgd-post-grid-item-meta-date\"><span class=\"pwgd-post-grid-item-meta-icon\"><i class=\"far fa-calendar-alt\"><\/i><\/span> 21 March 2026<\/div><div class=\"pwgd-post-grid-item-meta pwgd-post-grid-item-meta-author\"><span class=\"pwgd-post-grid-item-meta-icon\"><i class=\"fas fa-user\"><\/i><\/span> Marl\u00e8ne Vissac<\/div><div class=\"pwgd-post-grid-item-meta pwgd-post-grid-item-meta-comments\"><span class=\"pwgd-post-grid-item-meta-icon\"><i class=\"far fa-comments\"><\/i><\/span> 0<\/div><div class=\"pwgd-post-grid-item-meta pwgd-post-grid-item-meta-tax\"><a href=\"https:\/\/hydronomie.fr\/category\/non-classe\/\">Non class\u00e9<\/a><\/div><\/div><div class=\"pwgd-post-grid-item-title-wrapper\"><h3 class=\"pwgd-post-grid-item-title\"><a href=\"https:\/\/hydronomie.fr\/les-performances-de-lagroforesterie-malgre-les-evolutions-climatiques\/\" class=\"pwgd-post-grid-item-title-link\" \/>Les performances de l&#8217;agroforesterie malgr\u00e9 les \u00e9volutions climatiques<\/a><\/h3><\/div><div class=\"pwgd-post-grid-item-text-wrapper\"><div class=\"pwgd-post-grid-item-text\">Les performances de l'agroforesterie malgr\u00e9 les \u00e9volutions climatiques [\u2026]<\/div><\/div><div class=\"pwgd-post-grid-item-btn-wrapper\"><a href=\"https:\/\/hydronomie.fr\/les-performances-de-lagroforesterie-malgre-les-evolutions-climatiques\/\" class=\"pwgd-post-grid-item-btn\">See More<\/a><\/div><\/div><\/div><\/div><div class=\"pwgd-post-grid-item-wrapper category_non-classe\"><div class=\"pwgd-post-grid-item\"><div class=\"pwgd-post-grid-item-img-wrapper\"><a href=\"https:\/\/hydronomie.fr\/eau-bleue-precipitations-evapotranspiration-cela-impacte-lirrigation-et-les-perspectives-davenir-pour-assurer-les-besoins-agricoles\/\" class=\"pwgd-post-grid-item-img-link\" style=\"background-image: url(https:\/\/hydronomie.fr\/wp-content\/uploads\/2026\/03\/Blog-precipitation-evapo-irrigation.png)\" \/><img decoding=\"async\" src=\"https:\/\/hydronomie.fr\/wp-content\/uploads\/2026\/03\/Blog-precipitation-evapo-irrigation.png\" \/><\/a><\/div><div class=\"pwgd-post-grid-item-content\"><div class=\"pwgd-post-grid-item-meta-wrapper\"><div class=\"pwgd-post-grid-item-meta pwgd-post-grid-item-meta-date\"><span class=\"pwgd-post-grid-item-meta-icon\"><i class=\"far fa-calendar-alt\"><\/i><\/span> 22 March 2026<\/div><div class=\"pwgd-post-grid-item-meta pwgd-post-grid-item-meta-author\"><span class=\"pwgd-post-grid-item-meta-icon\"><i class=\"fas fa-user\"><\/i><\/span> Marl\u00e8ne Vissac<\/div><div class=\"pwgd-post-grid-item-meta pwgd-post-grid-item-meta-comments\"><span class=\"pwgd-post-grid-item-meta-icon\"><i class=\"far fa-comments\"><\/i><\/span> 0<\/div><div class=\"pwgd-post-grid-item-meta pwgd-post-grid-item-meta-tax\"><a href=\"https:\/\/hydronomie.fr\/category\/non-classe\/\">Non class\u00e9<\/a><\/div><\/div><div class=\"pwgd-post-grid-item-title-wrapper\"><h3 class=\"pwgd-post-grid-item-title\"><a href=\"https:\/\/hydronomie.fr\/eau-bleue-precipitations-evapotranspiration-cela-impacte-lirrigation-et-les-perspectives-davenir-pour-assurer-les-besoins-agricoles\/\" class=\"pwgd-post-grid-item-title-link\" \/>EAU BLEUE &#8211; PR\u00c9CIPITATIONS &#8211; \u00c9VAPOTRANSPIRATION : cela impacte l&#8217;irrigation et les perspectives d&#8217;avenir pour assurer les besoins agricoles<\/a><\/h3><\/div><div class=\"pwgd-post-grid-item-text-wrapper\"><div class=\"pwgd-post-grid-item-text\">EAU BLEUE - PR\u00c9CIPITATIONS - \u00c9VAPOTRANSPIRATION : cela impacte l'irrigation et les perspectives d'avenir pour assurer les besoins agricoles \t\tLe cycle de l'eau bleue est de plus en plus affect\u00e9 [\u2026]<\/div><\/div><div class=\"pwgd-post-grid-item-btn-wrapper\"><a href=\"https:\/\/hydronomie.fr\/eau-bleue-precipitations-evapotranspiration-cela-impacte-lirrigation-et-les-perspectives-davenir-pour-assurer-les-besoins-agricoles\/\" class=\"pwgd-post-grid-item-btn\">See More<\/a><\/div><\/div><\/div><\/div><div class=\"pwgd-post-grid-item-wrapper category_non-classe\"><div class=\"pwgd-post-grid-item\"><div class=\"pwgd-post-grid-item-img-wrapper\"><a href=\"https:\/\/hydronomie.fr\/le-motif-keyline-rencontre-entre-genie-biologique-et-genie-civil\/\" class=\"pwgd-post-grid-item-img-link\" style=\"background-image: url(https:\/\/hydronomie.fr\/wp-content\/uploads\/2026\/03\/Motif20keyline.png)\" \/><img decoding=\"async\" src=\"https:\/\/hydronomie.fr\/wp-content\/uploads\/2026\/03\/Motif20keyline.png\" \/><\/a><\/div><div class=\"pwgd-post-grid-item-content\"><div class=\"pwgd-post-grid-item-meta-wrapper\"><div class=\"pwgd-post-grid-item-meta pwgd-post-grid-item-meta-date\"><span class=\"pwgd-post-grid-item-meta-icon\"><i class=\"far fa-calendar-alt\"><\/i><\/span> 22 March 2026<\/div><div class=\"pwgd-post-grid-item-meta pwgd-post-grid-item-meta-author\"><span class=\"pwgd-post-grid-item-meta-icon\"><i class=\"fas fa-user\"><\/i><\/span> Marl\u00e8ne Vissac<\/div><div class=\"pwgd-post-grid-item-meta pwgd-post-grid-item-meta-comments\"><span class=\"pwgd-post-grid-item-meta-icon\"><i class=\"far fa-comments\"><\/i><\/span> 0<\/div><div class=\"pwgd-post-grid-item-meta pwgd-post-grid-item-meta-tax\"><a href=\"https:\/\/hydronomie.fr\/category\/non-classe\/\">Non class\u00e9<\/a><\/div><\/div><div class=\"pwgd-post-grid-item-title-wrapper\"><h3 class=\"pwgd-post-grid-item-title\"><a href=\"https:\/\/hydronomie.fr\/le-motif-keyline-rencontre-entre-genie-biologique-et-genie-civil\/\" class=\"pwgd-post-grid-item-title-link\" \/>Le motif keyline : rencontre entre g\u00e9nie biologique et g\u00e9nie civil<\/a><\/h3><\/div><div class=\"pwgd-post-grid-item-text-wrapper\"><div class=\"pwgd-post-grid-item-text\">Le motif keyline : rencontre entre g\u00e9nie biologique et g\u00e9nie civil [\u2026]<\/div><\/div><div class=\"pwgd-post-grid-item-btn-wrapper\"><a href=\"https:\/\/hydronomie.fr\/le-motif-keyline-rencontre-entre-genie-biologique-et-genie-civil\/\" class=\"pwgd-post-grid-item-btn\">See More<\/a><\/div><\/div><\/div><\/div><\/div><div class=\"pwgd-post-grid-pagination\"><\/div><\/div>\t\t\t\t\t\t<\/div>\n\t\t\t\t<\/div>\n\t\t\t\t\t<\/div>\n\t\t\t\t<\/div>\n\t\t\t\t<\/div>\n\t\t","protected":false},"excerpt":{"rendered":"<p>24 January 2026 Rafael 1Non class\u00e9 Bonjour tout le monde\u00a0! Bienvenue sur WordPress. Ceci est votre premier article. Modifiez-le ou supprimez-le, puis commencez \u00e0 \u00e9crire\u00a0!See More 18 March 2026 Rafael 0Non class\u00e9 Semaine de l&#8217;eau Skip to Main Content Semaine de l&#8217;eau lun. 09 mars|Flamarens Cultivons l&#8217;eau [\u2026]See More 20 March 2026 Rafael 0Non class\u00e9 [&hellip;]<\/p>\n","protected":false},"author":1,"featured_media":0,"parent":0,"menu_order":0,"comment_status":"closed","ping_status":"closed","template":"","meta":{"site-sidebar-layout":"no-sidebar","site-content-layout":"page-builder","ast-site-content-layout":"full-width-container","site-content-style":"default","site-sidebar-style":"default","ast-global-header-display":"","ast-banner-title-visibility":"","ast-main-header-display":"","ast-hfb-above-header-display":"","ast-hfb-below-header-display":"","ast-hfb-mobile-header-display":"","site-post-title":"","ast-breadcrumbs-content":"","ast-featured-img":"disabled","footer-sml-layout":"","ast-disable-related-posts":"","theme-transparent-header-meta":"","adv-header-id-meta":"","stick-header-meta":"","header-above-stick-meta":"","header-main-stick-meta":"","header-below-stick-meta":"","astra-migrate-meta-layouts":"set","ast-page-background-enabled":"default","ast-page-background-meta":{"desktop":{"background-color":"","background-image":"","background-repeat":"repeat","background-position":"center center","background-size":"auto","background-attachment":"scroll","background-type":"","background-media":"","overlay-type":"","overlay-color":"","overlay-opacity":"","overlay-gradient":""},"tablet":{"background-color":"","background-image":"","background-repeat":"repeat","background-position":"center center","background-size":"auto","background-attachment":"scroll","background-type":"","background-media":"","overlay-type":"","overlay-color":"","overlay-opacity":"","overlay-gradient":""},"mobile":{"background-color":"","background-image":"","background-repeat":"repeat","background-position":"center center","background-size":"auto","background-attachment":"scroll","background-type":"","background-media":"","overlay-type":"","overlay-color":"","overlay-opacity":"","overlay-gradient":""}},"ast-content-background-meta":{"desktop":{"background-color":"var(--ast-global-color-5)","background-image":"","background-repeat":"repeat","background-position":"center center","background-size":"auto","background-attachment":"scroll","background-type":"","background-media":"","overlay-type":"","overlay-color":"","overlay-opacity":"","overlay-gradient":""},"tablet":{"background-color":"var(--ast-global-color-5)","background-image":"","background-repeat":"repeat","background-position":"center center","background-size":"auto","background-attachment":"scroll","background-type":"","background-media":"","overlay-type":"","overlay-color":"","overlay-opacity":"","overlay-gradient":""},"mobile":{"background-color":"var(--ast-global-color-5)","background-image":"","background-repeat":"repeat","background-position":"center center","background-size":"auto","background-attachment":"scroll","background-type":"","background-media":"","overlay-type":"","overlay-color":"","overlay-opacity":"","overlay-gradient":""}},"footnotes":""},"folder":[],"class_list":["post-662","page","type-page","status-publish","hentry"],"yoast_head":"<!-- This site is optimized with the Yoast SEO plugin v27.5 - https:\/\/yoast.com\/product\/yoast-seo-wordpress\/ -->\n<title>Publications - Hydronomie<\/title>\n<meta name=\"robots\" content=\"index, follow, max-snippet:-1, max-image-preview:large, max-video-preview:-1\" \/>\n<link rel=\"canonical\" href=\"https:\/\/hydronomie.fr\/publications\/\" \/>\n<meta property=\"og:locale\" content=\"en_US\" \/>\n<meta property=\"og:type\" content=\"article\" \/>\n<meta property=\"og:title\" content=\"Publications - Hydronomie\" \/>\n<meta property=\"og:description\" content=\"24 January 2026 Rafael 1Non class\u00e9 Bonjour tout le monde\u00a0! Bienvenue sur WordPress. Ceci est votre premier article. Modifiez-le ou supprimez-le, puis commencez \u00e0 \u00e9crire\u00a0!See More 18 March 2026 Rafael 0Non class\u00e9 Semaine de l&#8217;eau Skip to Main Content Semaine de l&#8217;eau lun. 09 mars|Flamarens Cultivons l&#8217;eau [\u2026]See More 20 March 2026 Rafael 0Non class\u00e9 [&hellip;]\" \/>\n<meta property=\"og:url\" content=\"https:\/\/hydronomie.fr\/publications\/\" \/>\n<meta property=\"og:site_name\" content=\"Hydronomie\" \/>\n<meta property=\"article:modified_time\" content=\"2026-03-23T11:49:55+00:00\" \/>\n<meta name=\"twitter:card\" content=\"summary_large_image\" \/>\n<meta name=\"twitter:label1\" content=\"Est. reading time\" \/>\n\t<meta name=\"twitter:data1\" content=\"3 minutes\" \/>\n<script type=\"application\/ld+json\" class=\"yoast-schema-graph\">{\"@context\":\"https:\\\/\\\/schema.org\",\"@graph\":[{\"@type\":\"WebPage\",\"@id\":\"https:\\\/\\\/hydronomie.fr\\\/publications\\\/\",\"url\":\"https:\\\/\\\/hydronomie.fr\\\/publications\\\/\",\"name\":\"Publications - Hydronomie\",\"isPartOf\":{\"@id\":\"https:\\\/\\\/hydronomie.fr\\\/#website\"},\"datePublished\":\"2026-03-23T11:48:15+00:00\",\"dateModified\":\"2026-03-23T11:49:55+00:00\",\"breadcrumb\":{\"@id\":\"https:\\\/\\\/hydronomie.fr\\\/publications\\\/#breadcrumb\"},\"inLanguage\":\"en-US\",\"potentialAction\":[{\"@type\":\"ReadAction\",\"target\":[\"https:\\\/\\\/hydronomie.fr\\\/publications\\\/\"]}]},{\"@type\":\"BreadcrumbList\",\"@id\":\"https:\\\/\\\/hydronomie.fr\\\/publications\\\/#breadcrumb\",\"itemListElement\":[{\"@type\":\"ListItem\",\"position\":1,\"name\":\"Home\",\"item\":\"https:\\\/\\\/hydronomie.fr\\\/\"},{\"@type\":\"ListItem\",\"position\":2,\"name\":\"Publications\"}]},{\"@type\":\"WebSite\",\"@id\":\"https:\\\/\\\/hydronomie.fr\\\/#website\",\"url\":\"https:\\\/\\\/hydronomie.fr\\\/\",\"name\":\"Hydronomie\",\"description\":\"R\u00e9silience Climatique\",\"publisher\":{\"@id\":\"https:\\\/\\\/hydronomie.fr\\\/#organization\"},\"potentialAction\":[{\"@type\":\"SearchAction\",\"target\":{\"@type\":\"EntryPoint\",\"urlTemplate\":\"https:\\\/\\\/hydronomie.fr\\\/?s={search_term_string}\"},\"query-input\":{\"@type\":\"PropertyValueSpecification\",\"valueRequired\":true,\"valueName\":\"search_term_string\"}}],\"inLanguage\":\"en-US\"},{\"@type\":\"Organization\",\"@id\":\"https:\\\/\\\/hydronomie.fr\\\/#organization\",\"name\":\"Hydronomie\",\"url\":\"https:\\\/\\\/hydronomie.fr\\\/\",\"logo\":{\"@type\":\"ImageObject\",\"inLanguage\":\"en-US\",\"@id\":\"https:\\\/\\\/hydronomie.fr\\\/#\\\/schema\\\/logo\\\/image\\\/\",\"url\":\"https:\\\/\\\/hydronomie.fr\\\/wp-content\\\/uploads\\\/2026\\\/02\\\/logo_hydronomie_coul.png\",\"contentUrl\":\"https:\\\/\\\/hydronomie.fr\\\/wp-content\\\/uploads\\\/2026\\\/02\\\/logo_hydronomie_coul.png\",\"width\":1080,\"height\":1024,\"caption\":\"Hydronomie\"},\"image\":{\"@id\":\"https:\\\/\\\/hydronomie.fr\\\/#\\\/schema\\\/logo\\\/image\\\/\"}}]}<\/script>\n<!-- \/ Yoast SEO plugin. -->","yoast_head_json":{"title":"Publications - Hydronomie","robots":{"index":"index","follow":"follow","max-snippet":"max-snippet:-1","max-image-preview":"max-image-preview:large","max-video-preview":"max-video-preview:-1"},"canonical":"https:\/\/hydronomie.fr\/publications\/","og_locale":"en_US","og_type":"article","og_title":"Publications - Hydronomie","og_description":"24 January 2026 Rafael 1Non class\u00e9 Bonjour tout le monde\u00a0! Bienvenue sur WordPress. Ceci est votre premier article. Modifiez-le ou supprimez-le, puis commencez \u00e0 \u00e9crire\u00a0!See More 18 March 2026 Rafael 0Non class\u00e9 Semaine de l&#8217;eau Skip to Main Content Semaine de l&#8217;eau lun. 09 mars|Flamarens Cultivons l&#8217;eau [\u2026]See More 20 March 2026 Rafael 0Non class\u00e9 [&hellip;]","og_url":"https:\/\/hydronomie.fr\/publications\/","og_site_name":"Hydronomie","article_modified_time":"2026-03-23T11:49:55+00:00","twitter_card":"summary_large_image","twitter_misc":{"Est. reading time":"3 minutes"},"schema":{"@context":"https:\/\/schema.org","@graph":[{"@type":"WebPage","@id":"https:\/\/hydronomie.fr\/publications\/","url":"https:\/\/hydronomie.fr\/publications\/","name":"Publications - Hydronomie","isPartOf":{"@id":"https:\/\/hydronomie.fr\/#website"},"datePublished":"2026-03-23T11:48:15+00:00","dateModified":"2026-03-23T11:49:55+00:00","breadcrumb":{"@id":"https:\/\/hydronomie.fr\/publications\/#breadcrumb"},"inLanguage":"en-US","potentialAction":[{"@type":"ReadAction","target":["https:\/\/hydronomie.fr\/publications\/"]}]},{"@type":"BreadcrumbList","@id":"https:\/\/hydronomie.fr\/publications\/#breadcrumb","itemListElement":[{"@type":"ListItem","position":1,"name":"Home","item":"https:\/\/hydronomie.fr\/"},{"@type":"ListItem","position":2,"name":"Publications"}]},{"@type":"WebSite","@id":"https:\/\/hydronomie.fr\/#website","url":"https:\/\/hydronomie.fr\/","name":"Hydronomie","description":"R\u00e9silience Climatique","publisher":{"@id":"https:\/\/hydronomie.fr\/#organization"},"potentialAction":[{"@type":"SearchAction","target":{"@type":"EntryPoint","urlTemplate":"https:\/\/hydronomie.fr\/?s={search_term_string}"},"query-input":{"@type":"PropertyValueSpecification","valueRequired":true,"valueName":"search_term_string"}}],"inLanguage":"en-US"},{"@type":"Organization","@id":"https:\/\/hydronomie.fr\/#organization","name":"Hydronomie","url":"https:\/\/hydronomie.fr\/","logo":{"@type":"ImageObject","inLanguage":"en-US","@id":"https:\/\/hydronomie.fr\/#\/schema\/logo\/image\/","url":"https:\/\/hydronomie.fr\/wp-content\/uploads\/2026\/02\/logo_hydronomie_coul.png","contentUrl":"https:\/\/hydronomie.fr\/wp-content\/uploads\/2026\/02\/logo_hydronomie_coul.png","width":1080,"height":1024,"caption":"Hydronomie"},"image":{"@id":"https:\/\/hydronomie.fr\/#\/schema\/logo\/image\/"}}]}},"_links":{"self":[{"href":"https:\/\/hydronomie.fr\/wp-json\/wp\/v2\/pages\/662","targetHints":{"allow":["GET"]}}],"collection":[{"href":"https:\/\/hydronomie.fr\/wp-json\/wp\/v2\/pages"}],"about":[{"href":"https:\/\/hydronomie.fr\/wp-json\/wp\/v2\/types\/page"}],"author":[{"embeddable":true,"href":"https:\/\/hydronomie.fr\/wp-json\/wp\/v2\/users\/1"}],"replies":[{"embeddable":true,"href":"https:\/\/hydronomie.fr\/wp-json\/wp\/v2\/comments?post=662"}],"version-history":[{"count":7,"href":"https:\/\/hydronomie.fr\/wp-json\/wp\/v2\/pages\/662\/revisions"}],"predecessor-version":[{"id":670,"href":"https:\/\/hydronomie.fr\/wp-json\/wp\/v2\/pages\/662\/revisions\/670"}],"wp:attachment":[{"href":"https:\/\/hydronomie.fr\/wp-json\/wp\/v2\/media?parent=662"}],"wp:term":[{"taxonomy":"folder","embeddable":true,"href":"https:\/\/hydronomie.fr\/wp-json\/wp\/v2\/folder?post=662"}],"curies":[{"name":"wp","href":"https:\/\/api.w.org\/{rel}","templated":true}]}}